{"id":2515,"date":"2023-06-16T08:00:50","date_gmt":"2023-06-16T06:00:50","guid":{"rendered":"https:\/\/adoring-golick.212-227-153-101.plesk.page\/?page_id=2515"},"modified":"2024-02-20T10:28:02","modified_gmt":"2024-02-20T09:28:02","slug":"bartolome-esteban-murillo","status":"publish","type":"page","link":"https:\/\/rpmagdalena.org\/en\/personajes-ilustres\/bartolome-esteban-murillo\/","title":{"rendered":"Bartolom\u00e9 Esteban Murillo"},"content":{"rendered":"<div data-elementor-type=\"wp-page\" data-elementor-id=\"2515\" class=\"elementor elementor-2515\" data-elementor-post-type=\"page\">\n\t\t\t\t<div data-dce-background-image-url=\"https:\/\/rpmagdalena.org\/wp-content\/uploads\/2023\/06\/2.jpg\" class=\"elementor-element elementor-element-b5d9c9 e-flex e-con-boxed e-con e-parent\" data-id=\"b5d9c9\" data-element_type=\"container\" data-e-type=\"container\" data-settings=\"{&quot;background_background&quot;:&quot;classic&quot;}\">\n\t\t\t\t\t<div class=\"e-con-inner\">\n\t\t\t\t<div class=\"elementor-element elementor-element-460f87d5 elementor-widget elementor-widget-heading\" data-id=\"460f87d5\" data-element_type=\"widget\" data-e-type=\"widget\" data-widget_type=\"heading.default\">\n\t\t\t\t<div class=\"elementor-widget-container\">\n\t\t\t\t\t<h1 class=\"elementor-heading-title elementor-size-default\">Bartolom\u00e9 Esteban Murillo<\/h1>\t\t\t\t<\/div>\n\t\t\t\t<\/div>\n\t\t\t\t\t<\/div>\n\t\t\t\t<\/div>\n\t\t<div class=\"elementor-element elementor-element-e0e4457 e-flex e-con-boxed e-con e-parent\" data-id=\"e0e4457\" data-element_type=\"container\" data-e-type=\"container\">\n\t\t\t\t\t<div class=\"e-con-inner\">\n\t\t<div class=\"elementor-element elementor-element-9437800 e-con-full e-flex e-con e-parent\" data-id=\"9437800\" data-element_type=\"container\" data-e-type=\"container\" data-settings=\"{&quot;background_background&quot;:&quot;classic&quot;}\">\n\t\t\t\t<div class=\"elementor-element elementor-element-41f4fad elementor-widget elementor-widget-heading\" data-id=\"41f4fad\" data-element_type=\"widget\" data-e-type=\"widget\" data-widget_type=\"heading.default\">\n\t\t\t\t<div class=\"elementor-widget-container\">\n\t\t\t\t\t<p class=\"elementor-heading-title elementor-size-default\">Personajes<\/p>\t\t\t\t<\/div>\n\t\t\t\t<\/div>\n\t\t\t\t<div class=\"elementor-element elementor-element-3d0fe96 elementor-align-start elementor-icon-list--layout-traditional elementor-list-item-link-full_width elementor-widget elementor-widget-icon-list\" data-id=\"3d0fe96\" data-element_type=\"widget\" data-e-type=\"widget\" data-widget_type=\"icon-list.default\">\n\t\t\t\t<div class=\"elementor-widget-container\">\n\t\t\t\t\t\t\t<ul class=\"elementor-icon-list-items\">\n\t\t\t\t\t\t\t<li class=\"elementor-icon-list-item\">\n\t\t\t\t\t\t\t\t\t\t\t<a href=\"https:\/\/rpmagdalena.org\/en\/personajes-ilustres\/francisco-de-zurbaran\/\">\n\n\t\t\t\t\t\t\t\t\t\t\t\t<span class=\"elementor-icon-list-icon\">\n\t\t\t\t\t\t\t<svg aria-hidden=\"true\" class=\"e-font-icon-svg e-fas-circle\" viewbox=\"0 0 512 512\" xmlns=\"http:\/\/www.w3.org\/2000\/svg\"><path d=\"M256 8C119 8 8 119 8 256s111 248 248 248 248-111 248-248S393 8 256 8z\"><\/path><\/svg>\t\t\t\t\t\t<\/span>\n\t\t\t\t\t\t\t\t\t\t<span class=\"elementor-icon-list-text\">Francisco de Zurbar\u00e1n<\/span>\n\t\t\t\t\t\t\t\t\t\t\t<\/a>\n\t\t\t\t\t\t\t\t\t<\/li>\n\t\t\t\t\t\t\t\t<li class=\"elementor-icon-list-item\">\n\t\t\t\t\t\t\t\t\t\t\t<a href=\"https:\/\/rpmagdalena.org\/en\/personajes-ilustres\/bartolome-esteban-murillo\/\">\n\n\t\t\t\t\t\t\t\t\t\t\t\t<span class=\"elementor-icon-list-icon\">\n\t\t\t\t\t\t\t<svg aria-hidden=\"true\" class=\"e-font-icon-svg e-fas-circle\" viewbox=\"0 0 512 512\" xmlns=\"http:\/\/www.w3.org\/2000\/svg\"><path d=\"M256 8C119 8 8 119 8 256s111 248 248 248 248-111 248-248S393 8 256 8z\"><\/path><\/svg>\t\t\t\t\t\t<\/span>\n\t\t\t\t\t\t\t\t\t\t<span class=\"elementor-icon-list-text\">Bartolom\u00e9 Esteban Murillo<\/span>\n\t\t\t\t\t\t\t\t\t\t\t<\/a>\n\t\t\t\t\t\t\t\t\t<\/li>\n\t\t\t\t\t\t<\/ul>\n\t\t\t\t\t\t<\/div>\n\t\t\t\t<\/div>\n\t\t\t\t<\/div>\n\t\t<div class=\"elementor-element elementor-element-ffd0fcb e-con-full e-flex e-con e-parent\" data-id=\"ffd0fcb\" data-element_type=\"container\" data-e-type=\"container\">\n\t\t\t\t<div class=\"elementor-element elementor-element-173eae9 elementor-widget__width-inherit elementor-widget elementor-widget-text-editor\" data-id=\"173eae9\" data-element_type=\"widget\" data-e-type=\"widget\" data-widget_type=\"text-editor.default\">\n\t\t\t\t<div class=\"elementor-widget-container\">\n\t\t\t\t\t\t\t\t\t<p>Feligr\u00e9s tambi\u00e9n de la Magdalena fue el insigne pintor Bartolom\u00e9 Esteban Murillo que recibi\u00f3 las aguas del bautismo en el primitivo templo parroquial el 1 de enero de 1618, por lo que cabe situar su nacimiento en el mes de diciembre inmediatamente anterior. Era el hijo menor de Gaspar Esteban y Mar\u00eda P\u00e9rez, fecundo matrimonio del que nacieron catorce hijos: Juan (1589), Bartolom\u00e9 (1591), Felipe (1593), Lorenzo (1594), Mar\u00eda (1597), Juana (1598), Baltasar (1601), Jacinto (1602), Ana (1604), Mar\u00eda (1606), Jos\u00e9 (1609), \u00darsula (1612), Gaspar (1613) y Bartolom\u00e9 (1617). La familia resid\u00eda en las inmediaciones del Convento de San Pablo y deb\u00eda gozar una desahogada posici\u00f3n econ\u00f3mica merced a la profesi\u00f3n de barbero cirujano que ten\u00eda el padre. El apellido Murillo, por el que se le conoce, era el de su abuela materna.<\/p>\t\t\t\t\t\t\t\t<\/div>\n\t\t\t\t<\/div>\n\t\t\t\t<div class=\"elementor-element elementor-element-c12142d elementor-widget__width-initial elementor-widget-mobile__width-inherit elementor-widget elementor-widget-image\" data-id=\"c12142d\" data-element_type=\"widget\" data-e-type=\"widget\" data-widget_type=\"image.default\">\n\t\t\t\t<div class=\"elementor-widget-container\">\n\t\t\t\t\t\t\t\t\t\t\t\t\t\t\t<img fetchpriority=\"high\" decoding=\"async\" width=\"251\" height=\"288\" src=\"https:\/\/rpmagdalena.org\/wp-content\/uploads\/2023\/05\/01-Murillo-Imagen-1.jpg\" class=\"attachment-full size-full wp-image-1681\" alt=\"\" srcset=\"https:\/\/rpmagdalena.org\/wp-content\/uploads\/2023\/05\/01-Murillo-Imagen-1.jpg 251w, https:\/\/rpmagdalena.org\/wp-content\/uploads\/2023\/05\/01-Murillo-Imagen-1-10x12.jpg 10w\" sizes=\"(max-width: 251px) 100vw, 251px\" \/>\t\t\t\t\t\t\t\t\t\t\t\t\t\t\t<\/div>\n\t\t\t\t<\/div>\n\t\t\t\t<div class=\"elementor-element elementor-element-f7380c4 elementor-widget__width-initial elementor-widget-mobile__width-inherit elementor-widget elementor-widget-text-editor\" data-id=\"f7380c4\" data-element_type=\"widget\" data-e-type=\"widget\" data-widget_type=\"text-editor.default\">\n\t\t\t\t<div class=\"elementor-widget-container\">\n\t\t\t\t\t\t\t\t\t<p>El 25 de junio de 1627 se produce el fallecimiento de su padre, que recibe sepultura en el Convento de San Pablo. Su madre le seguir\u00eda al sepulcro poco despu\u00e9s el 8 de enero del siguiente a\u00f1o, por lo que siendo ni\u00f1o de diez a\u00f1os de edad queda hu\u00e9rfano. Este hecho motiva que su cu\u00f1ado Juan Agust\u00edn Lagares asuma su tutor\u00eda. Se sabe que Lagares, feligr\u00e9s tambi\u00e9n de la Magdalena, hab\u00eda nacido en Baena (C\u00f3rdoba) en 1601, era cirujano y hab\u00eda contra\u00eddo matrimonio con Ana, hermana del pintor, en 1625, quien hab\u00eda enviudado de su anterior enlace con Crist\u00f3bal S\u00e1nchez Carrascoso.<\/p><p>En 1633, cuando cuenta con quince a\u00f1os de edad, decide trasladarse al Nuevo Mundo formando parte de la expedici\u00f3n del Marqu\u00e9s de Cadereyta. Se ignora si lleg\u00f3 a embarcarse y, caso de haberlo hecho, su retorno no se hizo esperar.<\/p>\t\t\t\t\t\t\t\t<\/div>\n\t\t\t\t<\/div>\n\t\t\t\t<div class=\"elementor-element elementor-element-d3243bc elementor-widget__width-inherit elementor-widget elementor-widget-text-editor\" data-id=\"d3243bc\" data-element_type=\"widget\" data-e-type=\"widget\" data-widget_type=\"text-editor.default\">\n\t\t\t\t<div class=\"elementor-widget-container\">\n\t\t\t\t\t\t\t\t\t<p>Probablemente influenciado por el entorno de su familia materna entra en contacto con el mundo del Arte. Su t\u00edo Antonio P\u00e9rez (+ 1631) era pintor y se hab\u00eda casado en primeras nupcias con una hija de Vasco de Pereira (1535 &#8211; 1609), destacada figura de la pintura sevillana de fines del siglo XVI.<\/p><p>El aprendizaje del joven Murillo como pintor debi\u00f3 estar a cargo de Juan del Castillo (1590 &#8211; 1657), casado con una hija de Antonio P\u00e9rez, en cuyo taller de la Plaza del Pozo Santo estuvo entre 1633 y 1638.<\/p><p>El historiador ilustrado Juan Agust\u00edn Ce\u00e1n Berm\u00fadez (1749 &#8211; 1829) se\u00f1ala que con el fin de familiarizarse con la pintura de Flandes e Italia, Murillo realiz\u00f3 en 1642 un viaje a Madrid, donde pasar\u00eda dos o tres a\u00f1os estudiando las colecciones reales y que fue hu\u00e9sped de Vel\u00e1zquez, sin que exista corroboraci\u00f3n documental acerca de esta aseveraci\u00f3n.<\/p><p>El 7 de febrero de 1644 fue recibido como hermano de la Cofrad\u00eda de la Virgen del Rosario del Convento de San Pablo. Actualmente esta Corporaci\u00f3n se encuentra unida a la Hermandad de Montserrat. Tambi\u00e9n fue miembro de la Hermandad de San Lucas, a la que pertenec\u00edan los pintores de la ciudad y que estaba radicada en la Parroquia de San Andr\u00e9s.<\/p><p>El 26 de febrero de 1645 contrae matrimonio en la Parroquia de la Magdalena con Beatriz de Cabrera Villalobos, cinco a\u00f1os m\u00e1s joven que el artista, natural de Pilas y que viv\u00eda en la calle San Eloy. Esta uni\u00f3n tuvo crecida descendencia: Mar\u00eda (1646), Jos\u00e9 Felipe (1647), Isabel Francisca (1648), Jos\u00e9 Esteban (1650), Francisco Miguel (1651), Francisco Gaspar (1653), Francisca Mar\u00eda (1655), Gabriel (1657) y Gaspar Esteban (1661).<\/p><p>La importante actividad del taller y la amplia familia del pintor le obligan a cambiar de domicilio, estableci\u00e9ndose en 1647 en la collaci\u00f3n de San Isidoro de donde pasar\u00eda a la de San Nicol\u00e1s en 1651, a la de San Bartolom\u00e9 en 1663 y, finalmente, a la de Santa Cruz en 1680.<\/p><p>Repetidamente la muerte se ceb\u00f3 con la familia de Murillo, pues entre 1652 y 1663 fallecer\u00edan varios hijos, su hermana Ana, su cu\u00f1ado Lagares y, por \u00faltimo, su esposa a los 41 a\u00f1os de edad a causa de unas fiebres puerperales.<\/p><p>Fue asimismo uno de los impulsores de la Academia de pintura, creada en 1660 para el perfeccionamiento del arte de pintores, escultores, retablistas y decoradores. Murillo la dirigi\u00f3 hasta 1663, abandon\u00e1ndola m\u00e1s tarde por sus discrepancias con Juan de Vald\u00e9s Leal (1622 &#8211; 1690), de quien se afirma pose\u00eda un car\u00e1cter altivo.<\/p><p>Durante muchos a\u00f1os mantuvo amistad con Miguel Ma\u00f1ara (1627 &#8211; 1679) y el can\u00f3nigo Justino de Neve (1625 &#8211; 1685). El primero llegar\u00eda a ser padrino de bautismo de varios hijos del pintor, y quien le llevar\u00eda a la Hermandad de la Santa Caridad, en la que ingres\u00f3 el 10 de mayo de 1665. El segundo fue el gran promotor de las obras del templo de Santa Mar\u00eda la Blanca y fundador del Hospital de Venerables Sacerdotes, que poseyeron destacadas obras del artista, desgraciadamente expoliadas durante la Francesada en el siglo XIX.<\/p><p>En 1681 acometer\u00eda su obra postrera, el retablo mayor de la iglesia gaditana de los capuchinos, un conjunto de cinco pinturas sobre los \u00abDesposorios m\u00edsticos de Santa Catalina\u00bb. El pintor y tratadista Antonio de Palomino (1655 &#8211; 1726) refiere que en 1682, cuando Murillo estaba pintando el gran lienzo central, cayo del andamio donde se encontraba y como consecuencia de una hernia que padec\u00eda\u00a0<em>\u00abse le salieron los intestinos\u00bb<\/em>. El 3 de abril mor\u00eda en su domicilio de la Plaza de Alfaro y al d\u00eda siguiente recib\u00eda sepultura en la primitiva Parroquia de Santa Cruz, en una capilla presidida por la tabla del \u00abDescendimiento\u00bb de Pedro de Campa\u00f1a que hoy se halla en la Sacrist\u00eda Mayor de la Catedral y a la que el artista admiraba en extremo, tanto que el historiador ilustrado Antonio Ponz (1725 &#8211; 1792) en el libro IX de su magna obra\u00a0<em>Viaje de Espa\u00f1a\u00bb<\/em>, recoge que pasaba bastante tiempo contempl\u00e1ndola y cuando se le preguntaba qu\u00e9 hac\u00eda, sol\u00eda responder\u00a0<em>\u00abque estaba esperando quando acababan de baxar de la Cruz al Divino Salvador\u00bb<\/em>.\u00a0 Hoy se desconoce el lugar donde reposan los restos de Murillo, que se perdieron en la demolici\u00f3n de la Parroquia de Santa Cruz que se llev\u00f3 a cabo en el siglo XIX y que posiblemente permanezcan en el subsuelo de\u00a0 la actual plaza del mismo nombre, urbanizada sobre el solar que ocup\u00f3 aquel templo.<\/p><p>La important\u00edsima producci\u00f3n de Murillo, lo convierten en una de las figuras cumbres de la pintura espa\u00f1ola del Barroco con gran repercusi\u00f3n en la posterioridad.<\/p>\t\t\t\t\t\t\t\t<\/div>\n\t\t\t\t<\/div>\n\t\t\t\t<\/div>\n\t\t\t\t\t<\/div>\n\t\t\t\t<\/div>\n\t\t\t\t<\/div>","protected":false},"excerpt":{"rendered":"<p>Personajes Francisco de Zurbar\u00e1n Bartolom\u00e9 Esteban Murillo Feligr\u00e9s tambi\u00e9n de la Magdalena fue el insigne pintor Bartolom\u00e9 Esteban Murillo que recibi\u00f3 las aguas del bautismo en el primitivo templo parroquial el 1 de enero de 1618, por lo que cabe situar su nacimiento en el mes de diciembre inmediatamente anterior. Era el hijo menor de [&hellip;]<\/p>\n","protected":false},"author":1,"featured_media":0,"parent":4869,"menu_order":0,"comment_status":"closed","ping_status":"closed","template":"","meta":{"footnotes":""},"class_list":["post-2515","page","type-page","status-publish","hentry"],"_links":{"self":[{"href":"https:\/\/rpmagdalena.org\/en\/wp-json\/wp\/v2\/pages\/2515","targetHints":{"allow":["GET"]}}],"collection":[{"href":"https:\/\/rpmagdalena.org\/en\/wp-json\/wp\/v2\/pages"}],"about":[{"href":"https:\/\/rpmagdalena.org\/en\/wp-json\/wp\/v2\/types\/page"}],"author":[{"embeddable":true,"href":"https:\/\/rpmagdalena.org\/en\/wp-json\/wp\/v2\/users\/1"}],"replies":[{"embeddable":true,"href":"https:\/\/rpmagdalena.org\/en\/wp-json\/wp\/v2\/comments?post=2515"}],"version-history":[{"count":0,"href":"https:\/\/rpmagdalena.org\/en\/wp-json\/wp\/v2\/pages\/2515\/revisions"}],"up":[{"embeddable":true,"href":"https:\/\/rpmagdalena.org\/en\/wp-json\/wp\/v2\/pages\/4869"}],"wp:attachment":[{"href":"https:\/\/rpmagdalena.org\/en\/wp-json\/wp\/v2\/media?parent=2515"}],"curies":[{"name":"wp","href":"https:\/\/api.w.org\/{rel}","templated":true}]}}